{"id":4271,"date":"2017-05-09T00:48:27","date_gmt":"2017-05-08T21:48:27","guid":{"rendered":"http:\/\/www.resortambient.ro\/?page_id=4271"},"modified":"2021-06-17T23:23:13","modified_gmt":"2021-06-17T20:23:13","slug":"evenimente","status":"publish","type":"page","link":"https:\/\/www.resortambient.ro\/es\/services\/evenimente\/","title":{"rendered":"Eventos &#038; Conferencias"},"content":{"rendered":"<p>[vc_row full_width=&#8221;stretch_row&#8221; position=&#8221;right center&#8221; css=&#8221;.vc_custom_1502232707391{background-position: 0 0 !important;background-repeat: no-repeat !important;}&#8221; el_class=&#8221;background-none-mobile&#8221;][vc_column width=&#8221;1\/2&#8243;][vc_column_text]<\/p>\n<h2><span style=\"color: #097000;\">Ambient, Dise\u00f1ador de un d\u00eda de ensue\u00f1o<\/span><\/h2>\n<p>D\u00e9jese sorprender por el Sal\u00f3n Edelweiss, el lugar ideal decorado en un estilo tradicional, donde podr\u00e1 celebrar uno de los d\u00edas m\u00e1s importantes de su vida.<\/p>\n<p>Para reuniones y conferencias, promociones y lanzamientos de productos o eventos corporativos, hemos creado cuidadosamente la Sala de Conferencias donde podr\u00e1s celebrar un d\u00eda memorable organizado por nuestro equipo especializado en eventos personalizados.<\/p>\n<p><q class=\"pullquote pull-right\">Los grandes eventos tienen lugar en todos los cuentos de hadas y en la vida real en paisajes excepcionales como Cristian anfitri\u00f3n de Ambient Resort y su anfitri\u00f3n en el Gran D\u00eda<\/q>[\/vc_column_text][\/vc_column][vc_column width=&#8221;1\/2&#8243;][vc_single_image image=&#8221;5216&#8243; img_size=&#8221;full&#8221;][\/vc_column][\/vc_row][vc_row css=&#8221;.vc_custom_1468197520638{margin-top: -110px !important;margin-bottom: -100px !important;}&#8221;][vc_column width=&#8221;2\/3&#8243; offset=&#8221;vc_col-sm-offset-2&#8243;][vc_column_text]<\/p>\n<h2 style=\"text-align: center;\"><span style=\"color: #097000;\">SALA DE EVENTOS EDELWEISS<\/span><\/h2>\n<p style=\"text-align: center;\"><strong>PARA MOMENTOS UNICOS<\/strong><\/p>\n<p>[\/vc_column_text][vc_column_text]<\/p>\n<p style=\"text-align: center;\">Para la gran velada, bodas, bautizos y reuniones familiares o con los compa\u00f1eros, el Salon Edelweiss, llenara tu coraz\u00f3n de alegr\u00eda y tiene sitio para 210 personas, ofreciendo platos selectos para todos los gustos en el Restaurante A la Carta o Ceremonial. Aqu\u00ed estaremos esperando, queridos invitados, para disfrutar cada paso del feliz encuentro de tiempos atr\u00e1s con aquellos que s\u00f3lo ahora est\u00e1n emergiendo.<\/p>\n<p>[\/vc_column_text][\/vc_column][\/vc_row][vc_row css=&#8221;.vc_custom_1468533825630{margin-top: -33px !important;margin-bottom: -99px !important;}&#8221;][vc_column][vc_images_carousel images=&#8221;5241,5240,5238,5239,5237&#8243; onclick=&#8221;link_no&#8221; speed=&#8221;8888&#8243;][\/vc_column][\/vc_row][vc_row][vc_column][vc_separator color=&#8221;custom&#8221; style=&#8221;shadow&#8221; border_width=&#8221;2&#8243; accent_color=&#8221;#097000&#8243;][\/vc_column][\/vc_row][vc_row css=&#8221;.vc_custom_1468197520638{margin-top: -110px !important;margin-bottom: -100px !important;}&#8221;][vc_column width=&#8221;2\/3&#8243; offset=&#8221;vc_col-sm-offset-2&#8243;][vc_column_text]<\/p>\n<h2 style=\"text-align: center;\"><span style=\"color: #097000;\">SALA DE CONFERENCIAS<br \/>\n<\/span><\/h2>\n<p style=\"text-align: center;\"><strong>EL ALIADO DE LAS ACTIVIDADES DE EXITO<\/strong><\/p>\n<p>[\/vc_column_text][vc_column_text]<\/p>\n<p style=\"text-align: center;\">La sala de conferencias es ideal para 120 personas y el orgullo saj\u00f3n del 1852 se ha convertido en un impresionante sal\u00f3n de dos niveles, bien decorado y dotado de todas las necesidades.<\/p>\n<p>[\/vc_column_text][\/vc_column][\/vc_row][vc_row css=&#8221;.vc_custom_1468533825630{margin-top: -33px !important;margin-bottom: -99px !important;}&#8221;][vc_column][vc_images_carousel images=&#8221;5228,5229,5227&#8243; onclick=&#8221;link_no&#8221; speed=&#8221;8888&#8243;][\/vc_column][\/vc_row][vc_row][vc_column width=&#8221;1\/6&#8243;][vc_column_text]<\/p>\n<h4><span style=\"color: #097000;\">Dimensiones<\/span><\/h4>\n<ul class=\"list-pointer\">\n<li>Longitud: 15 metros<\/li>\n<li>Ancho: 9,5 metros<\/li>\n<li>Superficie: 142,5 metros cuadrados<\/li>\n<li>Altura m\u00e1xima: 6.5 metros<\/li>\n<li>Altura m\u00ednima: 4.3 metros<\/li>\n<\/ul>\n<p>[\/vc_column_text][\/vc_column][vc_column width=&#8221;1\/6&#8243;][vc_column_text]<\/p>\n<h4><span style=\"color: #097000;\">Facilidades<\/span><\/h4>\n<ul class=\"list-pointer\">\n<li>Aire acondicionado<\/li>\n<li>Luz natural<\/li>\n<li>Oscuridad<\/li>\n<li>Servicios de Restaurante<\/li>\n<\/ul>\n<p>[\/vc_column_text][\/vc_column][vc_column width=&#8221;1\/6&#8243;][vc_column_text]<\/p>\n<h4><span style=\"color: #097000;\">Equipo<\/span><\/h4>\n<ul class=\"list-pointer\">\n<li>WiFi<\/li>\n<li>Sistema de sonido JBL y micr\u00f3fonos inal\u00e1mbricos<\/li>\n<li>Laser pointer<\/li>\n<li>TV LCD<\/li>\n<li>Proyector<\/li>\n<li>Pantalla de proyecci\u00f3n<\/li>\n<li>Rotafolio con papel y marcadores<\/li>\n<\/ul>\n<p>[\/vc_column_text][\/vc_column][vc_column width=&#8221;1\/6&#8243;][vc_column_text]<\/p>\n<p>&nbsp;<\/p>\n<ul class=\"list-pointer\">\n<li>Pizarra blanca<\/li>\n<li>Ordenador port\u00e1til, PC &#8211; opcional<\/li>\n<li>Impresora, copiadora, fax &#8211; opcional<\/li>\n<li>Sistema de video o audio conferencia &#8211; opcional<\/li>\n<\/ul>\n<p>[\/vc_column_text][\/vc_column][vc_column width=&#8221;1\/6&#8243;][vc_column_text]<\/p>\n<h4><span style=\"color: #097000;\">Aparcamiento<\/span><\/h4>\n<ul class=\"list-pointer\">\n<li>Aparcamiento gratuito, diario, en el aparcamiento de la propiedad o en frente al Resort<\/li>\n<\/ul>\n<p>[\/vc_column_text][\/vc_column][vc_column width=&#8221;1\/6&#8243;][\/vc_column][\/vc_row][vc_row css=&#8221;.vc_custom_1471127092091{margin-top: -150px !important;}&#8221;][vc_column][vc_column_text]<\/p>\n<h4><span style=\"color: #097000;\">Disposicion<\/span><\/h4>\n<p>[\/vc_column_text][\/vc_column][\/vc_row][vc_row css=&#8221;.vc_custom_1471127119985{margin-top: -150px !important;margin-bottom: 50px !important;}&#8221;][vc_column width=&#8221;1\/6&#8243;][vc_column_text]<\/p>\n<table class=\"table table-responsive\">\n<tbody>\n<tr>\n<td align=\"center\" valign=\"top\"><small><span style=\"font-family: Helvetica, Arial, sans-serif;\">Teatro<\/span><\/small><\/td>\n<\/tr>\n<tr>\n<td align=\"center\" valign=\"top\"><small><span style=\"font-family: Helvetica, Arial, sans-serif;\"><img loading=\"lazy\" decoding=\"async\" src=\"https:\/\/www.hotelambient.ro\/wp-content\/uploads\/2016\/07\/Teatro.png\" alt=\"Teatro\" width=\"60\" height=\"60\" \/><br \/>\n<\/span><\/small><\/td>\n<\/tr>\n<tr>\n<td align=\"center\" valign=\"top\"><small><span style=\"font-family: Helvetica, Arial, sans-serif;\">120\u00a0personas<br \/>\n<\/span><\/small><\/td>\n<\/tr>\n<\/tbody>\n<\/table>\n<p>[\/vc_column_text][\/vc_column][vc_column width=&#8221;1\/6&#8243;][vc_column_text]<\/p>\n<table class=\"table table-responsive\">\n<tbody>\n<tr>\n<td align=\"center\" valign=\"top\"><small><span style=\"font-family: Helvetica, Arial, sans-serif;\">Forma de U<br \/>\n<\/span><\/small><\/td>\n<\/tr>\n<tr>\n<td align=\"center\" valign=\"top\"><small><span style=\"font-family: Helvetica, Arial, sans-serif;\"><img loading=\"lazy\" decoding=\"async\" src=\"https:\/\/www.hotelambient.ro\/wp-content\/uploads\/2016\/07\/FormaU.png\" alt=\"Forma de U\" width=\"60\" height=\"60\" \/><\/span><\/small><\/td>\n<\/tr>\n<tr>\n<td align=\"center\" valign=\"top\"><small><span style=\"font-family: Helvetica, Arial, sans-serif;\">100 personas<\/span><\/small><\/td>\n<\/tr>\n<\/tbody>\n<\/table>\n<p>[\/vc_column_text][\/vc_column][vc_column width=&#8221;1\/6&#8243;][vc_column_text]<\/p>\n<table class=\"table table-responsive\">\n<tbody>\n<tr>\n<td align=\"center\" valign=\"top\"><small>Sala de Clase<\/small><\/td>\n<\/tr>\n<tr>\n<td align=\"center\" valign=\"top\"><small><span style=\"font-family: Helvetica, Arial, sans-serif;\"><img loading=\"lazy\" decoding=\"async\" src=\"https:\/\/www.hotelambient.ro\/wp-content\/uploads\/2016\/07\/Clase.png\" alt=\"Clase\" width=\"60\" height=\"60\" \/><\/span><\/small><\/td>\n<\/tr>\n<tr>\n<td align=\"center\" valign=\"top\"><small><span style=\"font-family: Helvetica, Arial, sans-serif;\">60 personas<\/span><\/small><\/td>\n<\/tr>\n<\/tbody>\n<\/table>\n<p>[\/vc_column_text][\/vc_column][vc_column width=&#8221;1\/6&#8243;][vc_column_text]<\/p>\n<table class=\"table table-responsive\">\n<tbody>\n<tr>\n<td align=\"center\" valign=\"top\"><small><span style=\"font-family: Helvetica, Arial, sans-serif;\">Mesa Redonda<\/span><\/small><\/td>\n<\/tr>\n<tr>\n<td align=\"center\" valign=\"top\"><small><span style=\"font-family: Helvetica, Arial, sans-serif;\"><img loading=\"lazy\" decoding=\"async\" src=\"https:\/\/www.hotelambient.ro\/wp-content\/uploads\/2016\/07\/mesaredonda.png\" alt=\"mesa\" width=\"60\" height=\"60\" \/><br \/>\n<\/span><\/small><\/td>\n<\/tr>\n<tr>\n<td align=\"center\" valign=\"top\"><small><span style=\"font-family: Helvetica, Arial, sans-serif;\">60\u00a0personas<\/span><\/small><\/td>\n<\/tr>\n<\/tbody>\n<\/table>\n<p>[\/vc_column_text][\/vc_column][vc_column width=&#8221;1\/6&#8243;][vc_column_text]<\/p>\n<table class=\"table table-responsive\">\n<tbody>\n<tr>\n<td align=\"center\" valign=\"top\"><small><span style=\"font-family: Helvetica, Arial, sans-serif;\">Recepci\u00f3n. Cena<\/span><\/small><\/td>\n<\/tr>\n<tr>\n<td align=\"center\" valign=\"top\"><small><span style=\"font-family: Helvetica, Arial, sans-serif;\"><img loading=\"lazy\" decoding=\"async\" src=\"https:\/\/www.hotelambient.ro\/wp-content\/uploads\/2016\/07\/Cena.png\" alt=\"Cena\" width=\"60\" height=\"60\" \/><\/span><\/small><\/td>\n<\/tr>\n<tr>\n<td align=\"center\" valign=\"top\"><small><span style=\"font-family: Helvetica, Arial, sans-serif;\">90 personas<\/span><\/small><\/td>\n<\/tr>\n<\/tbody>\n<\/table>\n<p>[\/vc_column_text][\/vc_column][\/vc_row][vc_row css=&#8221;.vc_custom_1468573965749{margin-top: -180px !important;margin-bottom: -50px !important;}&#8221;][vc_column][vc_column_text]<\/p>\n<h2 class=\"text-center\" style=\"text-align: center;\"><span style=\"color: #097000;\"><i class='fa fa-fw fa-book center-block ' style=''><\/i><\/span>Reservas e informaci\u00f3n<\/h2>\n<p style=\"text-align: center;\">\u00a1Bienvenido! Estaremos encantados de planear un d\u00eda memorable juntos!<\/p>\n<p style=\"text-align: center;\"><a href=\"tel:0040268470856\">004 0732 700300<\/a><br \/>\n<a href=\"mailto:reservations@resortambient.ro\">reservations@resortambient.ro<\/a><\/p>\n<p>[\/vc_column_text][\/vc_column][\/vc_row][vc_row css=&#8221;.vc_custom_1470431477746{margin-top: -200px !important;}&#8221;][vc_column][vc_raw_html]JTNDc2NyaXB0JTIwdHlwZSUzRCUyMnRleHQlMkZqYXZhc2NyaXB0JTIyJTIwc3JjJTNEJTIyaHR0cHMlM0ElMkYlMkZvcGVuLnVwcGVyYm9va2luZy5jb20lMkZyZXNvcnRhbWJpZW50JTJGQm9va2luZy5qcyUzRmxvY2FsZSUzRGVzJTIyJTNFJTNDJTJGc2NyaXB0JTNF[\/vc_raw_html][\/vc_column][\/vc_row]<\/p>","protected":false},"excerpt":{"rendered":"<p>[vc_row full_width=&#8221;stretch_row&#8221; position=&#8221;right center&#8221; css=&#8221;.vc_custom_1502232707391{background-position: 0 0 !important;background-repeat: no-repeat !important;}&#8221; el_class=&#8221;background-none-mobile&#8221;][vc_column width=&#8221;1\/2&#8243;][vc_column_text] Ambient, Dise\u00f1ador de un d\u00eda de ensue\u00f1o D\u00e9jese [&hellip;]<\/p>\n","protected":false},"author":4,"featured_media":0,"parent":3687,"menu_order":1,"comment_status":"closed","ping_status":"closed","template":"","meta":{"footnotes":""},"yst_prominent_words":[],"class_list":["post-4271","page","type-page","status-publish","hentry"],"yoast_head":"<!-- This site is optimized with the Yoast SEO Premium plugin v14.0.2 - https:\/\/yoast.com\/wordpress\/plugins\/seo\/ -->\n<title>Eventos &amp; Conferencias  - Resort Ambient - Cristian (Transilvania, Romania)<\/title>\n<meta name=\"robots\" content=\"index, follow\" \/>\n<meta name=\"googlebot\" content=\"index, follow, max-snippet:-1, max-image-preview:large, max-video-preview:-1\" \/>\n<meta name=\"bingbot\" content=\"index, follow, max-snippet:-1, max-image-preview:large, max-video-preview:-1\" \/>\n<link rel=\"canonical\" href=\"https:\/\/www.resortambient.ro\/services\/evenimente\/\" \/>\n<meta property=\"og:locale\" content=\"es_ES\" \/>\n<meta property=\"og:type\" content=\"article\" \/>\n<meta property=\"og:title\" content=\"[:ro]Evenimente &amp; Conferin\u0163e [:en]Events &amp; Conferences[:es]Eventos &amp; Conferencias [:de]Veranstaltungen &amp; Konferenzen[:] - Resort Ambient - Cristian (Transilvania, Romania)\" \/>\n<meta property=\"og:description\" content=\"[vc_row full_width=&#8221;stretch_row&#8221; position=&#8221;right center&#8221; css=&#8221;.vc_custom_1502232707391{background-position: 0 0 !important;background-repeat: no-repeat !important;}&#8221; el_class=&#8221;background-none-mobile&#8221;][vc_column width=&#8221;1\/2&#8243;][vc_column_text] Ambient, Dise\u00f1ador de un d\u00eda de ensue\u00f1o D\u00e9jese [&hellip;]\" \/>\n<meta property=\"og:url\" content=\"https:\/\/www.resortambient.ro\/services\/evenimente\/\" \/>\n<meta property=\"og:site_name\" content=\"Resort Ambient - Cristian (Transilvania, Romania)\" \/>\n<meta property=\"article:modified_time\" content=\"2021-06-17T20:23:13+00:00\" \/>\n<meta property=\"og:image\" content=\"https:\/\/www.hotelambient.ro\/wp-content\/uploads\/2016\/07\/Teatro.png\" \/>\n<meta name=\"twitter:card\" content=\"summary\" \/>\n<script type=\"application\/ld+json\" class=\"yoast-schema-graph\">{\"@context\":\"https:\/\/schema.org\",\"@graph\":[{\"@type\":\"WebSite\",\"@id\":\"https:\/\/www.resortambient.ro\/es\/#website\",\"url\":\"https:\/\/www.resortambient.ro\/es\/\",\"name\":\"Resort Ambient - Cristian (Transilvania, Romania)\",\"description\":\"Consigue el mejor precio en el site oficial\",\"potentialAction\":[{\"@type\":\"SearchAction\",\"target\":\"https:\/\/www.resortambient.ro\/es\/?s={search_term_string}\",\"query-input\":\"required name=search_term_string\"}],\"inLanguage\":\"es\"},{\"@type\":\"ImageObject\",\"@id\":\"https:\/\/www.resortambient.ro\/services\/evenimente\/#primaryimage\",\"inLanguage\":\"es\",\"url\":\"https:\/\/www.hotelambient.ro\/wp-content\/uploads\/2016\/07\/Teatro.png\"},{\"@type\":\"WebPage\",\"@id\":\"https:\/\/www.resortambient.ro\/services\/evenimente\/#webpage\",\"url\":\"https:\/\/www.resortambient.ro\/services\/evenimente\/\",\"name\":\"[:ro]Evenimente & Conferin\\u0163e [:en]Events & Conferences[:es]Eventos & Conferencias [:de]Veranstaltungen & Konferenzen[:] - Resort Ambient - Cristian (Transilvania, Romania)\",\"isPartOf\":{\"@id\":\"https:\/\/www.resortambient.ro\/es\/#website\"},\"primaryImageOfPage\":{\"@id\":\"https:\/\/www.resortambient.ro\/services\/evenimente\/#primaryimage\"},\"datePublished\":\"2017-05-08T21:48:27+00:00\",\"dateModified\":\"2021-06-17T20:23:13+00:00\",\"inLanguage\":\"es\",\"potentialAction\":[{\"@type\":\"ReadAction\",\"target\":[\"https:\/\/www.resortambient.ro\/services\/evenimente\/\"]}]}]}<\/script>\n<!-- \/ Yoast SEO Premium plugin. -->","_links":{"self":[{"href":"https:\/\/www.resortambient.ro\/es\/wp-json\/wp\/v2\/pages\/4271","targetHints":{"allow":["GET"]}}],"collection":[{"href":"https:\/\/www.resortambient.ro\/es\/wp-json\/wp\/v2\/pages"}],"about":[{"href":"https:\/\/www.resortambient.ro\/es\/wp-json\/wp\/v2\/types\/page"}],"author":[{"embeddable":true,"href":"https:\/\/www.resortambient.ro\/es\/wp-json\/wp\/v2\/users\/4"}],"replies":[{"embeddable":true,"href":"https:\/\/www.resortambient.ro\/es\/wp-json\/wp\/v2\/comments?post=4271"}],"version-history":[{"count":68,"href":"https:\/\/www.resortambient.ro\/es\/wp-json\/wp\/v2\/pages\/4271\/revisions"}],"predecessor-version":[{"id":6889,"href":"https:\/\/www.resortambient.ro\/es\/wp-json\/wp\/v2\/pages\/4271\/revisions\/6889"}],"up":[{"embeddable":true,"href":"https:\/\/www.resortambient.ro\/es\/wp-json\/wp\/v2\/pages\/3687"}],"wp:attachment":[{"href":"https:\/\/www.resortambient.ro\/es\/wp-json\/wp\/v2\/media?parent=4271"}],"wp:term":[{"taxonomy":"yst_prominent_words","embeddable":true,"href":"https:\/\/www.resortambient.ro\/es\/wp-json\/wp\/v2\/yst_prominent_words?post=4271"}],"curies":[{"name":"wp","href":"https:\/\/api.w.org\/{rel}","templated":true}]}}